{"id":7,"date":"2020-08-11T15:15:55","date_gmt":"2020-08-11T15:15:55","guid":{"rendered":"https:\/\/haut-potentiel-psy.ch\/?page_id=7"},"modified":"2026-01-17T16:17:56","modified_gmt":"2026-01-17T16:17:56","slug":"7-2","status":"publish","type":"page","link":"https:\/\/haut-potentiel-psy.ch\/","title":{"rendered":"Cabinet"},"content":{"rendered":"<p>[et_pb_section fb_built=\u00a0\u00bb1&Prime; next_background_color=\u00a0\u00bb#ffffff\u00a0\u00bb admin_label=\u00a0\u00bbHeader\u00a0\u00bb _builder_version=\u00a0\u00bb4.16&Prime; background_color=\u00a0\u00bbrgba(0,0,0,0)\u00a0\u00bb background_enable_image=\u00a0\u00bboff\u00a0\u00bb custom_margin=\u00a0\u00bb||||false\u00a0\u00bb custom_padding=\u00a0\u00bb0vw||0vw||true|false\u00a0\u00bb bottom_divider_style=\u00a0\u00bbslant\u00a0\u00bb bottom_divider_height=\u00a0\u00bb2vw\u00a0\u00bb global_colors_info=\u00a0\u00bb{}\u00a0\u00bb][et_pb_row _builder_version=\u00a0\u00bb4.16&Prime; background_enable_image=\u00a0\u00bboff\u00a0\u00bb background_size=\u00a0\u00bbcontain\u00a0\u00bb width=\u00a0\u00bb92%\u00a0\u00bb max_width=\u00a0\u00bb100%\u00a0\u00bb animation_style=\u00a0\u00bbzoom\u00a0\u00bb animation_intensity_zoom=\u00a0\u00bb10%\u00a0\u00bb global_colors_info=\u00a0\u00bb{}\u00a0\u00bb][et_pb_column type=\u00a0\u00bb4_4&Prime; _builder_version=\u00a0\u00bb4.16&Prime; custom_padding=\u00a0\u00bb|||\u00a0\u00bb global_colors_info=\u00a0\u00bb{}\u00a0\u00bb custom_padding__hover=\u00a0\u00bb|||\u00a0\u00bb][et_pb_slider use_bg_overlay=\u00a0\u00bboff\u00a0\u00bb use_text_overlay=\u00a0\u00bboff\u00a0\u00bb _builder_version=\u00a0\u00bb4.16&Prime; _module_preset=\u00a0\u00bbdefault\u00a0\u00bb height=\u00a0\u00bb700px\u00a0\u00bb max_height=\u00a0\u00bb700px\u00a0\u00bb global_colors_info=\u00a0\u00bb{}\u00a0\u00bb][et_pb_slide _builder_version=\u00a0\u00bb4.16&Prime; _module_preset=\u00a0\u00bbdefault\u00a0\u00bb background_color=\u00a0\u00bbrgba(0,0,0,0)\u00a0\u00bb background_enable_color=\u00a0\u00bbon\u00a0\u00bb background_image=\u00a0\u00bbhttps:\/\/haut-potentiel-psy.ch\/wp-content\/uploads\/2020\/08\/IMG_7284-1-1-scaled.jpg\u00a0\u00bb background_enable_image=\u00a0\u00bbon\u00a0\u00bb global_colors_info=\u00a0\u00bb{}\u00a0\u00bb sticky_transition=\u00a0\u00bbon\u00a0\u00bb][\/et_pb_slide][et_pb_slide _builder_version=\u00a0\u00bb4.16&Prime; _module_preset=\u00a0\u00bbdefault\u00a0\u00bb background_image=\u00a0\u00bbhttps:\/\/haut-potentiel-psy.ch\/wp-content\/uploads\/2020\/08\/IMG_8379-scaled.jpg\u00a0\u00bb background_enable_image=\u00a0\u00bbon\u00a0\u00bb global_colors_info=\u00a0\u00bb{}\u00a0\u00bb sticky_transition=\u00a0\u00bbon\u00a0\u00bb][\/et_pb_slide][\/et_pb_slider][\/et_pb_column][\/et_pb_row][\/et_pb_section][et_pb_section fb_built=\u00a0\u00bb1&Prime; admin_label=\u00a0\u00bbFeatures\u00a0\u00bb _builder_version=\u00a0\u00bb4.16&Prime; global_colors_info=\u00a0\u00bb{}\u00a0\u00bb][et_pb_row use_custom_gutter=\u00a0\u00bbon\u00a0\u00bb gutter_width=\u00a0\u00bb4&Prime; _builder_version=\u00a0\u00bb4.16&Prime; global_colors_info=\u00a0\u00bb{}\u00a0\u00bb][et_pb_column type=\u00a0\u00bb4_4&Prime; _builder_version=\u00a0\u00bb4.16&Prime; custom_padding=\u00a0\u00bb|||\u00a0\u00bb global_colors_info=\u00a0\u00bb{}\u00a0\u00bb custom_padding__hover=\u00a0\u00bb|||\u00a0\u00bb][et_pb_text _builder_version=\u00a0\u00bb4.16&Prime; _module_preset=\u00a0\u00bbdefault\u00a0\u00bb header_font=\u00a0\u00bbSignika||||||||\u00a0\u00bb header_text_color=\u00a0\u00bb#5e1900&Prime; global_colors_info=\u00a0\u00bb{}\u00a0\u00bb]<\/p>\n<h1>A tous ceux qui ont besoin de parler, aux familles, aux proches, \u00e0 tous les professionnels touch\u00e9s qui ont travaill\u00e9 autour de cet \u00e9v\u00e9nement de Crans Montana, envoyez-moi un mail \u00e0 <a href=\"mailto:solene.laurenceau@protonmail.com\">solene.laurenceau@protonmail.com<\/a> et je vous appellerai d\u00e8s que possible.\u00a0<\/h1>\n<p>[\/et_pb_text][\/et_pb_column][\/et_pb_row][et_pb_row column_structure=\u00a0\u00bb3_5,2_5&Prime; use_custom_gutter=\u00a0\u00bbon\u00a0\u00bb gutter_width=\u00a0\u00bb4&Prime; _builder_version=\u00a0\u00bb4.16&Prime; min_height=\u00a0\u00bb439px\u00a0\u00bb global_colors_info=\u00a0\u00bb{}\u00a0\u00bb][et_pb_column type=\u00a0\u00bb3_5&Prime; _builder_version=\u00a0\u00bb4.16&Prime; custom_padding=\u00a0\u00bb|||\u00a0\u00bb global_colors_info=\u00a0\u00bb{}\u00a0\u00bb custom_padding__hover=\u00a0\u00bb|||\u00a0\u00bb][et_pb_text _builder_version=\u00a0\u00bb4.16&Prime; text_font=\u00a0\u00bb|300|||||||\u00a0\u00bb text_font_size=\u00a0\u00bb20px\u00a0\u00bb text_line_height=\u00a0\u00bb1.55em\u00a0\u00bb header_2_font=\u00a0\u00bb|600|||||||\u00a0\u00bb header_2_font_size=\u00a0\u00bb35px\u00a0\u00bb header_2_line_height=\u00a0\u00bb1.2em\u00a0\u00bb min_height=\u00a0\u00bb111px\u00a0\u00bb global_colors_info=\u00a0\u00bb{}\u00a0\u00bb]<\/p>\n<h2><span style=\"font-size: 35px;\">Travailler sur soi est une chance&#8230;<\/span><br \/><span><\/span><\/h2>\n<h2><span><\/span><\/h2>\n<p><span>Un besoin, une urgence, une suite&#8230;\u00a0<\/span><\/p>\n<p><span>Nous allons ensemble tenter d&rsquo;y trouver un sens.<\/span><\/p>\n<p><span><strong><fontsninja-text id=\"fontsninja-text-78\" class=\"fontsninja-family-55\">Courage \u00e0 tous.<\/fontsninja-text><\/strong><\/span><\/p>\n<p><span><strong><fontsninja-text id=\"fontsninja-text-78\" class=\"fontsninja-family-55\">L\u2019humanit\u00e9 est pleine de ressources.<\/fontsninja-text><\/strong><\/span><\/p>\n<p><span><strong><fontsninja-text id=\"fontsninja-text-78\" class=\"fontsninja-family-55\">Puissions-nous tous changer\u2026 en mieux.<\/fontsninja-text><\/strong><\/span><\/p>\n<p><span><strong><fontsninja-text id=\"fontsninja-text-78\" class=\"fontsninja-family-55\">Pour cela, il faut le \u00ab\u00a0vouloir\u00a0\u00bb&#8230; c&rsquo;est un choix;-)<\/fontsninja-text><\/strong><\/span><\/p>\n<p><strong>La psychoth\u00e9rapie vous invite \u00e0 devenir vous-m\u00eame, en mieux.<\/strong><span><strong><\/strong><\/span><\/p>\n<p><span><strong><\/strong><\/span><\/p>\n<p>[\/et_pb_text][\/et_pb_column][et_pb_column type=\u00a0\u00bb2_5&Prime; _builder_version=\u00a0\u00bb4.16&Prime; custom_padding=\u00a0\u00bb|||\u00a0\u00bb global_colors_info=\u00a0\u00bb{}\u00a0\u00bb custom_padding__hover=\u00a0\u00bb|||\u00a0\u00bb][et_pb_text _builder_version=\u00a0\u00bb4.16&Prime; _module_preset=\u00a0\u00bbdefault\u00a0\u00bb text_font=\u00a0\u00bb|300|||||||\u00a0\u00bb header_3_font=\u00a0\u00bb|600|||||||\u00a0\u00bb header_3_text_color=\u00a0\u00bb#574238&Prime; header_3_font_size=\u00a0\u00bb20px\u00a0\u00bb header_3_line_height=\u00a0\u00bb1.4em\u00a0\u00bb background_color=\u00a0\u00bb#ffffff\u00a0\u00bb custom_margin=\u00a0\u00bb||||false|false\u00a0\u00bb custom_padding=\u00a0\u00bb16px|30px|16px|30px|true|true\u00a0\u00bb border_radii=\u00a0\u00bbon|10px|10px|10px|10px\u00a0\u00bb box_shadow_style=\u00a0\u00bbpreset1&Prime; box_shadow_vertical=\u00a0\u00bb10px\u00a0\u00bb box_shadow_blur=\u00a0\u00bb60px\u00a0\u00bb box_shadow_color=\u00a0\u00bbrgba(1,33,92,0.1)\u00a0\u00bb global_colors_info=\u00a0\u00bb{}\u00a0\u00bb]<\/p>\n<h3><fontsninja-text id=\"fontsninja-text-68\" class=\"fontsninja-family-variant_arial_100_normal\">Pour les s\u00e9ances de psychoth\u00e9rapie, (adultes, couple), mes consultations peuvent se d\u00e9rouler sur place au cabinet mais aussi en visio via HIN ou par t\u00e9l\u00e9phone.\u00a0<\/fontsninja-text><\/h3>\n<p><fontsninja-text id=\"fontsninja-text-70\" class=\"fontsninja-family-53\">Ecrivez-moi un mail: <fontsninja-text id=\"fontsninja-text-70\" class=\"fontsninja-family-53\"><a href=\"mailto:solene.laurenceau@psychologie.ch\"><fontsninja-text id=\"fontsninja-text-70\" class=\"fontsninja-family-53\"><fontsninja-text id=\"fontsninja-text-70\" class=\"fontsninja-family-53\"><\/fontsninja-text><\/fontsninja-text><\/a><a href=\"mailto:solene.laurenceau@protonmail.com\">solene.laurenceau@protonmail.com<\/a> (messagerie s\u00e9curis\u00e9e)<\/fontsninja-text><\/fontsninja-text><\/p>\n<p><span><fontsninja-text id=\"fontsninja-text-72\" class=\"fontsninja-family-53\">Instagram @solene.laurenceau (pour un soutien de quelques phrases et images)<\/fontsninja-text><\/span><\/p>\n<p><span><fontsninja-text id=\"fontsninja-text-72\" class=\"fontsninja-family-53\">Skype: sol\u00e8ne laurenceau avec une photo de petits pieds en cailloux.<\/fontsninja-text><\/span><\/p>\n<p><span><span class=\"gmail_default\"><fontsninja-text id=\"fontsninja-text-75\" class=\"fontsninja-family-53\">T\u00e9l\u00e9phone du cabinet\u200b<\/fontsninja-text><\/span><fontsninja-text id=\"fontsninja-text-74\" class=\"fontsninja-family-53\">: +41.27.345.50.93<\/fontsninja-text><\/span><\/p>\n<p>[\/et_pb_text][\/et_pb_column][\/et_pb_row][\/et_pb_section][et_pb_section fb_built=\u00a0\u00bb1&Prime; admin_label=\u00a0\u00bbFeatures\u00a0\u00bb _builder_version=\u00a0\u00bb4.16&Prime; background_color=\u00a0\u00bbrgba(109,179,25,0.08)\u00a0\u00bb background_image=\u00a0\u00bbhttps:\/\/haut-potentiel-psy.ch\/wp-content\/uploads\/2020\/08\/img_body.png\u00a0\u00bb background_size=\u00a0\u00bbinitial\u00a0\u00bb background_position=\u00a0\u00bbtop_right\u00a0\u00bb top_divider_style=\u00a0\u00bbwave\u00a0\u00bb top_divider_color=\u00a0\u00bb#ffffff\u00a0\u00bb top_divider_flip=\u00a0\u00bbvertical|horizontal\u00a0\u00bb bottom_divider_style=\u00a0\u00bbcurve\u00a0\u00bb bottom_divider_color=\u00a0\u00bb#ffffff\u00a0\u00bb global_colors_info=\u00a0\u00bb{}\u00a0\u00bb][et_pb_row use_custom_gutter=\u00a0\u00bbon\u00a0\u00bb gutter_width=\u00a0\u00bb4&Prime; _builder_version=\u00a0\u00bb4.16&Prime; global_colors_info=\u00a0\u00bb{}\u00a0\u00bb][et_pb_column type=\u00a0\u00bb4_4&Prime; _builder_version=\u00a0\u00bb4.16&Prime; custom_padding=\u00a0\u00bb|||\u00a0\u00bb global_colors_info=\u00a0\u00bb{}\u00a0\u00bb custom_padding__hover=\u00a0\u00bb|||\u00a0\u00bb][et_pb_text _builder_version=\u00a0\u00bb4.16&Prime; _module_preset=\u00a0\u00bbdefault\u00a0\u00bb header_font=\u00a0\u00bbSignika||||||||\u00a0\u00bb header_text_color=\u00a0\u00bb#5e1900&Prime; global_colors_info=\u00a0\u00bb{}\u00a0\u00bb]<\/p>\n<h1>Cabinet<\/h1>\n<p>[\/et_pb_text][\/et_pb_column][\/et_pb_row][et_pb_row use_custom_gutter=\u00a0\u00bbon\u00a0\u00bb gutter_width=\u00a0\u00bb4&Prime; _builder_version=\u00a0\u00bb4.16&Prime; global_colors_info=\u00a0\u00bb{}\u00a0\u00bb][et_pb_column type=\u00a0\u00bb4_4&Prime; _builder_version=\u00a0\u00bb4.16&Prime; custom_padding=\u00a0\u00bb|||\u00a0\u00bb global_colors_info=\u00a0\u00bb{}\u00a0\u00bb custom_padding__hover=\u00a0\u00bb|||\u00a0\u00bb][et_pb_text _builder_version=\u00a0\u00bb4.16&Prime; _module_preset=\u00a0\u00bbd5f32006-097e-42c7-afd8-1bbb8bfe6a7e\u00a0\u00bb text_font_size=\u00a0\u00bb20px\u00a0\u00bb text_line_height=\u00a0\u00bb1.55em\u00a0\u00bb header_font=\u00a0\u00bb|600|||||||\u00a0\u00bb global_colors_info=\u00a0\u00bb{}\u00a0\u00bb]<\/p>\n<h1 class=\"box_header .centrertext no_border page_margin_top\">S\u00e9ances de psychoth\u00e9rapie<\/h1>\n<p><span><\/span><\/p>\n<p>La th\u00e9rapie accompagne pour un mieux, pour plus d\u2019harmonie et de joie. Pour retrouver sa\u00a0place, choisir les bonnes priorit\u00e9s. Grandir l\u2019estime de soi, relancer une motivation nouvelle, \u00eatre soi-m\u00eame. COMPRENDRE.<\/p>\n<p>Il existe des cl\u00e9s pour avancer et se sentir plus libre. Des pistes.<br \/>Je propose des consultations interactives afin de tenter de rebondir au fil des \u00abcarrefours de vie\u00bb, des petits passages \u00e0 vide ou de plus grandes difficult\u00e9s.<\/p>\n<p>[\/et_pb_text][et_pb_text _builder_version=\u00a0\u00bb4.16&Prime; _module_preset=\u00a0\u00bbffda0bf0-920a-4e16-990e-67507b6be58f\u00a0\u00bb global_colors_info=\u00a0\u00bb{}\u00a0\u00bb]<\/p>\n<div class=\"wpb_text_column wpb_content_element \">\n<div class=\"wpb_wrapper\">\n<p>Depuis plusieurs d\u00e9cennies, je re\u00e7ois essentiellement des hauts potentiels et neuro divergents, de nombreux avocats, m\u00e9decins, mais pas seulement&#8230; toutes cat\u00e9gories professionnelles confondues, la neuro-diff\u00e9rence est une chance, devenez une valeur ajout\u00e9e pour l&rsquo;humanit\u00e9!<\/p>\n<p>\u00a0<span style=\"font-size: 18px;\">La sp\u00e9cialisation pour les hauts potentiels, HIP, HPI, pr\u00e9coces, surdou\u00e9s\u2026 (peu importe le terme) n\u00e9cessite un accompagnement th\u00e9rapeutique tr\u00e8s particulier, j\u2019ai beaucoup de plaisir \u00e0 aborder ce grand th\u00e8me sans limite, m\u00eame si je ne re\u00e7ois actuellement plus les mineurs, par manque de temps.<\/span><\/p>\n<p>En revanche, si un adulte souhaite savoir comment activer ses ressources, je l&rsquo;accueille volontiers afin que nous mettions nos cerveaux d&rsquo;adultes au service du mineur.<\/p>\n<p>Pour une th\u00e9rapie individuelle, de couple, un coaching sur les \u00e9v\u00e9nements de votre vie ou une meilleure compr\u00e9hension de votre histoire. Je fonctionne volontiers \u00ab\u00e0 la carte\u00bb, selon les besoins de chacun. En revanche, je demande \u00e0 tous les courageux patients qui d\u00e9sirent consulter de s&rsquo;invertir, d&rsquo;avoir envie de changer. <b>Le travail th\u00e9rapeutique<\/b> <span class=\"s1\">peut vous accompagner pour <\/span>vous situer dans une \u00e9chelle de bonheur<span class=\"s1\">. Il tend \u00e0 redonner <\/span>une <span class=\"s2\">coh\u00e9rence<\/span>, un <span class=\"s2\">axe<\/span>, un <span class=\"s2\">sens, il d\u00e9place le curseur<\/span>. Il vous raccroche \u00e0 <i>votre<\/i> propre \u00e9volution, vous relance dans un mouvement de vie, vous permet de rejoindre votre remonte-pente int\u00e9rieur. <span class=\"s2\">Il lance une action de mise en <\/span>coh\u00e9rence et de mise en harmonie, dans le corps, les \u00e9motions, les pens\u00e9es, les relations, l\u2019espace et le temps<span class=\"s1\">. Le <\/span>travail th\u00e9rapeutique est dynamique, il doit vous redonner un \u00e9lan int\u00e9rieur, dans le bon sens. Si vous en avez envie.<\/p>\n<p><span class=\"s2\">La psychoth\u00e9rapie n&rsquo;est <b>pas<\/b> une solution instantan\u00e9e, <\/span>c&rsquo;est une rencontre avec vous-m\u00eame, un travail en profondeur <span class=\"s3\">qui n\u00e9cessite un investissement personnel<\/span><b> <\/b>pour explorer vos aspects inconscients et d\u00e9passer les blocages.<\/p>\n<p><b>Le chemin\u2026<\/b><\/p>\n<p>La th\u00e9rapie n\u2019est <b>pas<\/b> une performance ni un genre de traitement qui r\u00e8gle vos probl\u00e8mes, mais <span class=\"s3\">c\u2019est un chemin <\/span>qui vous conduira \u00e0 mieux les g\u00e9rer par vous-m\u00eame. Cette d\u00e9marche vers un mieux-\u00eatre est un processus collaboratif qui demande votre implication active et votre d\u00e9sir de comprendre les dynamiques \u00e0 l&rsquo;\u0153uvre.<\/p>\n<p>Pour ceux qui ont besoin d\u2019un support, je propose des fiches qui r\u00e9sument de nombreux th\u00e8mes dans le but d\u2019une th\u00e9rapie pragmatique et concr\u00e8te.<\/p>\n<p class=\"p-contenu\">\n<\/div>\n<\/div>\n<p>[\/et_pb_text][et_pb_text _builder_version=\u00a0\u00bb4.16&Prime; _module_preset=\u00a0\u00bbd5f32006-097e-42c7-afd8-1bbb8bfe6a7e\u00a0\u00bb text_font_size=\u00a0\u00bb20px\u00a0\u00bb text_line_height=\u00a0\u00bb1.55em\u00a0\u00bb custom_margin=\u00a0\u00bb||||false|false\u00a0\u00bb global_colors_info=\u00a0\u00bb{}\u00a0\u00bb]<\/p>\n<h1 class=\"box_header .centrertext no_border page_margin_top\">Orientation<\/h1>\n<p><span><\/span><\/p>\n<p class=\"p1\"><span class=\"s1\">Au fil des ann\u00e9es, je me suis form\u00e9e en psychoth\u00e9rapie d\u2019orientation TCC (th\u00e9rapie comportementale et cognitive), syst\u00e9mique, quantique. Puis, j\u2019ai abord\u00e9 d\u2019autres approches, comme celles des mouvements oculaires, l\u2019hypnose Ericksonienne, la nutrition, les fleurs de Bach, les oligo-\u00e9l\u00e9ments. La neuro anatomie m\u2019apporte aussi un enrichissement continuel pour la compr\u00e9hension des comportements humains. L\u2019ensemble des orientations diverses permet d\u2019avoir un point de vue plus large.\u00a0<\/span><\/p>\n<p class=\"p1\"><span class=\"s1\">Form\u00e9e pour les traumatismes psychiques et stress post-traumatiques, notamment dans le cadre de la psychologie d&rsquo;urgence, j&rsquo;ai orient\u00e9 ma formation en grande partie pour les hauts potentiels et les \u00ab\u00a0neuro-diff\u00e9rents\u00a0\u00bb.<\/span><\/p>\n<p>[\/et_pb_text][\/et_pb_column][\/et_pb_row][et_pb_row _builder_version=\u00a0\u00bb4.16&Prime; _module_preset=\u00a0\u00bbdefault\u00a0\u00bb global_colors_info=\u00a0\u00bb{}\u00a0\u00bb][et_pb_column type=\u00a0\u00bb4_4&Prime; _builder_version=\u00a0\u00bb4.16&Prime; _module_preset=\u00a0\u00bbdefault\u00a0\u00bb global_colors_info=\u00a0\u00bb{}\u00a0\u00bb][et_pb_text _builder_version=\u00a0\u00bb4.16&Prime; _module_preset=\u00a0\u00bbdefault\u00a0\u00bb global_colors_info=\u00a0\u00bb{}\u00a0\u00bb]<\/p>\n<h1 class=\"box_header no_border page_margin_top\">Pour tous, il existe des cl\u00e9s&#8230;<\/h1>\n<p>[\/et_pb_text][\/et_pb_column][\/et_pb_row][et_pb_row column_structure=\u00a0\u00bb1_2,1_2&Prime; use_custom_gutter=\u00a0\u00bbon\u00a0\u00bb gutter_width=\u00a0\u00bb1&Prime; _builder_version=\u00a0\u00bb4.16&Prime; _module_preset=\u00a0\u00bbdefault\u00a0\u00bb background_color=\u00a0\u00bb#574238&Prime; custom_padding=\u00a0\u00bb||||false|false\u00a0\u00bb border_radii=\u00a0\u00bbon|10px|10px|10px|10px\u00a0\u00bb global_colors_info=\u00a0\u00bb{}\u00a0\u00bb][et_pb_column type=\u00a0\u00bb1_2&Prime; _builder_version=\u00a0\u00bb4.16&Prime; _module_preset=\u00a0\u00bbdefault\u00a0\u00bb global_colors_info=\u00a0\u00bb{}\u00a0\u00bb][et_pb_text _builder_version=\u00a0\u00bb4.16&Prime; _module_preset=\u00a0\u00bb92c08795-cc54-42bf-9016-cb00b4951349&Prime; global_colors_info=\u00a0\u00bb{}\u00a0\u00bb]<\/p>\n<div class=\"wpb_text_column wpb_content_element \">\n<div class=\"wpb_wrapper\">\n<div class=\"wpb_column vc_column_container vc_col-sm-6\">\n<div class=\"vc_column-inner vc_custom_1515943516575\">\n<div class=\"wpb_wrapper\">\n<div class=\"wpb_text_column wpb_content_element \">\n<div class=\"wpb_wrapper\">\n<ul>\n<li>Am\u00e9liorer son estime de soi, grandir en confiance\n<\/li>\n<li>Baisser un perfectionnisme \u00e9puisant<\/li>\n<li>Supporter les \u00e9checs avec plus de sagesse<\/li>\n<li>D\u00e9bloquer un burnout, se r\u00e9orienter professionnellement<\/li>\n<li>Accepter les diff\u00e9rences, comprendre sa souffrance<\/li>\n<li>Eduquer avec plaisir des enfants \u00ab souriants \u00bb ou du moins d\u00e9passer les crises existentielles de nos \u00ab\u00a0petits\u00a0\u00bb\u00a0qui grandissent, de nos \u00ab\u00a0grands\u00a0\u00bb qui ne sont pas encore grands\u2026<\/li>\n<li>Aider nos enfants \u00e0 faire des efforts avec le sourire<\/li>\n<li>Accompagner les adolescents en s\u2019enrichissant de leurs dires<\/li>\n<li>Vivre son r\u00f4le de parent avec plaisir et humour<\/li>\n<li>Amorcer une retraite sans crainte<\/li>\n<li>Enfin mieux comprendre les relations familiales pour moins en souffrir<\/li>\n<li>Retrouver une harmonie dans la relation humaine \u00e0 deux, \u00e0 plus\u2026 (mais pas en une seule s\u00e9ance;-)<\/li>\n<li>Travailler les intuitions, oser le second degr\u00e9<\/li>\n<\/ul>\n<\/div>\n<\/div>\n<\/div>\n<\/div>\n<\/div>\n<div class=\"wpb_column vc_column_container vc_col-sm-6\">\n<div class=\"vc_column-inner vc_custom_1515943504732\">\n<div class=\"wpb_wrapper\">\n<div class=\"wpb_text_column wpb_content_element \">\n<div class=\"wpb_wrapper\"><\/div>\n<\/div>\n<\/div>\n<\/div>\n<\/div>\n<\/div>\n<\/div>\n<p>[\/et_pb_text][\/et_pb_column][et_pb_column type=\u00a0\u00bb1_2&Prime; _builder_version=\u00a0\u00bb4.16&Prime; _module_preset=\u00a0\u00bbdefault\u00a0\u00bb global_colors_info=\u00a0\u00bb{}\u00a0\u00bb][et_pb_text _builder_version=\u00a0\u00bb4.16&Prime; _module_preset=\u00a0\u00bb92c08795-cc54-42bf-9016-cb00b4951349&Prime; global_colors_info=\u00a0\u00bb{}\u00a0\u00bb]<\/p>\n<div class=\"wpb_text_column wpb_content_element \">\n<div class=\"wpb_wrapper\">\n<div class=\"wpb_column vc_column_container vc_col-sm-6\">\n<div class=\"vc_column-inner vc_custom_1515943516575\">\n<div class=\"wpb_wrapper\">\n<div class=\"wpb_text_column wpb_content_element \">\n<div class=\"wpb_wrapper\">\n<ul>\n<li>Cesser d\u2019exister dans le regard des autres<\/li>\n<li>Retrouver une meilleure adaptation, se sentir moins d\u00e9cal\u00e9, plus motiv\u00e9<\/li>\n<li>D\u00e9passer\u00a0les peurs, les angoisses, les \u00a0paniques, les tachycardies, les phobies, le stress<\/li>\n<li>Retourner \u00e0 l\u2019\u00e9cole avec le sourire, d\u00e9passer sa phobie scolaire<\/li>\n<li>Mieux g\u00e9rer les troubles du comportement, les d\u00e9ficits d\u2019attention, l\u2019hyperactivit\u00e9, les agitations, les impulsivit\u00e9s, l\u2019agressivit\u00e9.<\/li>\n<li>Accompagner un proche dans la maladie ou la souffrance, faire un deuil apr\u00e8s un d\u00e9c\u00e8s<\/li>\n<li>Se r\u00e9jouir de quelques pistes pour les probl\u00e8mes de\u00a0 sommeil<\/li>\n<li>D\u00e9nouer des troubles\u00a0 du comportement alimentaire<\/li>\n<li>Comprendre les addictions:\u00a0 jeux, achats compulsifs, pornographie, \u00a0substances et tous genres<\/li>\n<li>Changer d\u2019orientation, retrouver la joie de vivre<\/li>\n<li>Trouver un sens \u00e0 sa vie<\/li>\n<\/ul>\n<\/div>\n<\/div>\n<\/div>\n<\/div>\n<\/div>\n<\/div>\n<\/div>\n<p>[\/et_pb_text][\/et_pb_column][\/et_pb_row][et_pb_row _builder_version=\u00a0\u00bb4.16&Prime; _module_preset=\u00a0\u00bbdefault\u00a0\u00bb global_colors_info=\u00a0\u00bb{}\u00a0\u00bb][et_pb_column type=\u00a0\u00bb4_4&Prime; _builder_version=\u00a0\u00bb4.16&Prime; _module_preset=\u00a0\u00bbdefault\u00a0\u00bb global_colors_info=\u00a0\u00bb{}\u00a0\u00bb][et_pb_text _builder_version=\u00a0\u00bb4.16&Prime; _module_preset=\u00a0\u00bbdefault\u00a0\u00bb global_colors_info=\u00a0\u00bb{}\u00a0\u00bb]<\/p>\n<p style=\"text-align: center;\"><strong>Viser un mieux-\u00eatre au fond de soi et autour de soi.<\/strong><\/p>\n<p>[\/et_pb_text][\/et_pb_column][\/et_pb_row][\/et_pb_section][et_pb_section fb_built=\u00a0\u00bb1&Prime; admin_label=\u00a0\u00bbFeatures\u00a0\u00bb _builder_version=\u00a0\u00bb4.16&Prime; global_colors_info=\u00a0\u00bb{}\u00a0\u00bb][et_pb_row use_custom_gutter=\u00a0\u00bbon\u00a0\u00bb gutter_width=\u00a0\u00bb4&Prime; _builder_version=\u00a0\u00bb4.16&Prime; global_colors_info=\u00a0\u00bb{}\u00a0\u00bb][et_pb_column type=\u00a0\u00bb4_4&Prime; _builder_version=\u00a0\u00bb4.16&Prime; custom_padding=\u00a0\u00bb|||\u00a0\u00bb global_colors_info=\u00a0\u00bb{}\u00a0\u00bb custom_padding__hover=\u00a0\u00bb|||\u00a0\u00bb][et_pb_text _builder_version=\u00a0\u00bb4.16&Prime; _module_preset=\u00a0\u00bbdefault\u00a0\u00bb header_font=\u00a0\u00bbSignika||||||||\u00a0\u00bb header_text_color=\u00a0\u00bb#5e1900&Prime; global_colors_info=\u00a0\u00bb{}\u00a0\u00bb]<\/p>\n<h1>Haut potentiel<\/h1>\n<p>[\/et_pb_text][\/et_pb_column][\/et_pb_row][et_pb_row use_custom_gutter=\u00a0\u00bbon\u00a0\u00bb gutter_width=\u00a0\u00bb4&Prime; _builder_version=\u00a0\u00bb4.16&Prime; global_colors_info=\u00a0\u00bb{}\u00a0\u00bb][et_pb_column type=\u00a0\u00bb4_4&Prime; _builder_version=\u00a0\u00bb4.16&Prime; custom_padding=\u00a0\u00bb|||\u00a0\u00bb global_colors_info=\u00a0\u00bb{}\u00a0\u00bb custom_padding__hover=\u00a0\u00bb|||\u00a0\u00bb][et_pb_text _builder_version=\u00a0\u00bb4.16&Prime; _module_preset=\u00a0\u00bbd5f32006-097e-42c7-afd8-1bbb8bfe6a7e\u00a0\u00bb text_font_size=\u00a0\u00bb20px\u00a0\u00bb text_line_height=\u00a0\u00bb1.55em\u00a0\u00bb header_font=\u00a0\u00bb||||||||\u00a0\u00bb header_font_size=\u00a0\u00bb31px\u00a0\u00bb global_colors_info=\u00a0\u00bb{}\u00a0\u00bb]<\/p>\n<h1><span>Alors\u2026 ces fameux HP ou hauts potentiels? Ph\u00e9nom\u00e8ne de mode? Ou pas?<\/span><\/h1>\n<p>&nbsp;<\/p>\n<p>Que nenni point du tout, la neuro anatomie nous offre enfin une r\u00e9ponse factuelle: m\u00eame en dormant , les IRM montrent une activit\u00e9 diff\u00e9rente. Si vous d\u00e9sirez simplement en parler, passez boire un th\u00e9!<\/p>\n<p><span class=\"s1\">J\u2019essaie d\u2019expliquer \u00e0 leur environnement leur architectonique c\u00e9r\u00e9brale, ainsi que leur mode de pens\u00e9e si diff\u00e9rent. Le haut potentiel est l\u2019un de mes grands sujets de pr\u00e9dilection! Notamment autour de<span>\u00a0<\/span><em>l\u2019effort et du haut potentiel<\/em>: comment \u00e9duquer un HP sans le blesser et lui insuffler la notion de motivation, par exemple\u2026 En tant que parent, enseignant ou pour tous ceux qui le croisent. Alors\u2026 facile ou pas facile\u00a0?<\/span><\/p>\n<p><span class=\"s1\">Peu importe le terme utilis\u00e9, HPI, HP, pr\u00e9coce, surdou\u00e9, l\u2019essentiel n\u2019est pas de les diagnostiquer, mais bien d\u2019appr\u00e9cier \u00e0 leur juste valeur leurs potentiels et leurs difficult\u00e9s. Car comme tous, ils ont des qualit\u00e9s et des d\u00e9fauts, le drame tient au fait d\u2019avoir plus de possibilit\u00e9s, parfois plus d\u2019\u00e9checs, plus de choix \u00e0 faire et aussi\u2026 plus de complexit\u00e9s. Avec parfois des brins de multi \u00ab\u00a0dys\u00a0\u00bb ajout\u00e9s, du TDAH ou des traits du syndrome Asperger, pourquoi pas des traits neuro-atypiques simplement?<\/span><\/p>\n<p>Dans le corps, les \u00e9motions, le mental, le quotidien, les relations, le couple, la famille, \u00e0 l\u2019\u00e9cole ou au travail, la pr\u00e9cocit\u00e9\u00a0reste\u00a0passionnante, mais aussi\u00a0angoissante \u00e0 bien des \u00e9gards. Parfois, il y a des tics, que j\u2019appelle tic tac toc\u2026 Parfois, cela ressemble \u00e0 des choses qui font peur. Beaucoup de questions fusent, des \u00ab\u00a0questions sur\u00a0les questions\u00a0\u00bb aussi!<\/p>\n<p>Avez-vous l\u2019impression d\u2019avoir vite fait le tour d\u2019un job? D\u2019une formation? D\u2019un service? D\u2019un th\u00e8me? Vous ennuyez-vous quelques fois?<\/p>\n<p>Ayant eu la chance de faire de la th\u00e9rapie avec des centaines de HP et autres syndromes de 2 ans \u00e0 90 ans (et oui\u2026 leur cerveau ne cesse de vouloir comprendre!), j\u2019aime les aborder d\u2019un point de vue de l\u2019\u00e9nergie, de l\u2019espace et du temps (un minimum incontournable!) et tente de les rassurer en leur donnant des pistes pragmatiques, de mani\u00e8re durable et efficace. Pas seulement dans le concept, le verbe ou le fait de dire \u00ab J\u2019ai compris, je sais d\u00e9j\u00e0 \u00bb, mais essentiellement dans la<span>\u00a0<\/span><strong>mise en acte<\/strong>. Nos amis canadiens disent: \u00ab\u00a0Il faudrait\u00a0que les bottines suivent les babines\u00a0\u00bb, si vous avez un souci de bottines ou si vous ressentez de la souffrance parce que votre vie ne correspond pas \u00e0 celle que vous aviez imagin\u00e9e, hop hop hop!\u2026 un petit travail vous permettra de r\u00e9aliser qu\u2019une vraie coh\u00e9rence entre vos ressources et vos actes conduit \u00e0 plus de\u00a0joie.<\/p>\n<p>Ce qui aide les personnes \u00e0 haut potentiel ou \u00ab\u00a0multi-diff\u00e9rentes\u00a0\u00bb, c\u2019est d\u2019<strong>\u00eatre enfin un peu mieux compris<\/strong>, de ne plus \u00eatre si diff\u00e9rents ni rejet\u00e9s, de pouvoir<span>\u00a0<\/span><strong>parler \u00e0 coeur ouvert<\/strong>, sans filtre<span>\u00a0<\/span><strong>de leurs \u00ab\u00a0pens\u00e9es sur leurs pens\u00e9es\u00a0\u00bb<\/strong>, mais aussi de<span>\u00a0<\/span><strong>mettre des m\u00e9taphores claires<\/strong><span>\u00a0<\/span>sur leur mani\u00e8re de conceptualiser la vie. Les personnes Asperger sont aussi les bienvenues, naturellement. Elles nous \u00e9clairent sur des dimensions capitales de notre humanit\u00e9.<\/p>\n<p>Si votre enfant ou votre adolescent a \u00e9t\u00e9 diagnostiqu\u00e9 \u00e0 haut potentiel, mais que vous ne savez pas trop que faire face \u00e0 ses r\u00e9flexions pouss\u00e9es, ses commentaires adultes dans un corps d\u2019enfant, sa difficult\u00e9 \u00e0 vous \u00e9couter \u00ab\u00a0du premier coup\u00a0\u00bb\u2026 si des troubles du sommeil s\u2019imposent, si ses comportements vous d\u00e9rangent, vous affolent peut-\u00eatre ou si vos propres id\u00e9es prennent d\u2019\u00e9tonnantes allures, passez en\u00a0discuter ne serait-ce qu\u2019une seule fois.<\/p>\n<p>Piaget s\u2019est \u00e9vertu\u00e9 \u00e0 d\u00e9finir l\u2019intelligence et son d\u00e9veloppement, loin de moi l\u2019id\u00e9e d\u2019\u00eatre le \u00ab Piaget des HP \u00bb, nonobstant, expliquer leur fonctionnement me passionne, revisiter leur achitectonique c\u00e9r\u00e9brale conduit \u00e0 une meilleure compr\u00e9hension de leurs difficult\u00e9s et permet \u00e0 tous d\u2019avancer. Tout le monde peut grandir d\u2019un beau potentiel, il est fort dommage que la soci\u00e9t\u00e9 et la scolarit\u00e9 ne soient pas toujours \u00e0 la hauteur de leur souffrance. Tout \u00eatre humain porte en lui un message pour notre future humanit\u00e9, \u00e0 nous de savoir le d\u00e9crypter, l\u2019accepter, l\u2019accompagner. Vouloir vraiment le travailler&#8230; et changer! Une belle mission pour notre future soci\u00e9t\u00e9\u2026 car il reste tant \u00e0 faire !<\/p>\n<p>Une derni\u00e8re question: avez-vous des vacances du cerveau?<\/p>\n<p>[\/et_pb_text][\/et_pb_column][\/et_pb_row][\/et_pb_section][et_pb_section fb_built=\u00a0\u00bb1&Prime; admin_label=\u00a0\u00bbFeatures\u00a0\u00bb _builder_version=\u00a0\u00bb4.16&Prime; background_color=\u00a0\u00bbrgba(109,179,25,0.08)\u00a0\u00bb top_divider_style=\u00a0\u00bbwave\u00a0\u00bb top_divider_color=\u00a0\u00bb#ffffff\u00a0\u00bb top_divider_flip=\u00a0\u00bbvertical|horizontal\u00a0\u00bb bottom_divider_style=\u00a0\u00bbcurve\u00a0\u00bb bottom_divider_color=\u00a0\u00bb#ffffff\u00a0\u00bb global_colors_info=\u00a0\u00bb{}\u00a0\u00bb][et_pb_row use_custom_gutter=\u00a0\u00bbon\u00a0\u00bb gutter_width=\u00a0\u00bb4&Prime; _builder_version=\u00a0\u00bb4.16&Prime; global_colors_info=\u00a0\u00bb{}\u00a0\u00bb][et_pb_column type=\u00a0\u00bb4_4&Prime; _builder_version=\u00a0\u00bb4.16&Prime; custom_padding=\u00a0\u00bb|||\u00a0\u00bb global_colors_info=\u00a0\u00bb{}\u00a0\u00bb custom_padding__hover=\u00a0\u00bb|||\u00a0\u00bb][et_pb_text _builder_version=\u00a0\u00bb4.16&Prime; _module_preset=\u00a0\u00bbdefault\u00a0\u00bb header_font=\u00a0\u00bbSignika||||||||\u00a0\u00bb header_text_color=\u00a0\u00bb#5e1900&Prime; global_colors_info=\u00a0\u00bb{}\u00a0\u00bb]<\/p>\n<h1>Remboursement<\/h1>\n<p>[\/et_pb_text][\/et_pb_column][\/et_pb_row][et_pb_row use_custom_gutter=\u00a0\u00bbon\u00a0\u00bb gutter_width=\u00a0\u00bb4&Prime; _builder_version=\u00a0\u00bb4.16&Prime; custom_padding=\u00a0\u00bb||||false|false\u00a0\u00bb global_colors_info=\u00a0\u00bb{}\u00a0\u00bb][et_pb_column type=\u00a0\u00bb4_4&Prime; _builder_version=\u00a0\u00bb4.16&Prime; custom_padding=\u00a0\u00bb|||\u00a0\u00bb global_colors_info=\u00a0\u00bb{}\u00a0\u00bb custom_padding__hover=\u00a0\u00bb|||\u00a0\u00bb][et_pb_text _builder_version=\u00a0\u00bb4.16&Prime; _module_preset=\u00a0\u00bbd5f32006-097e-42c7-afd8-1bbb8bfe6a7e\u00a0\u00bb text_font_size=\u00a0\u00bb20px\u00a0\u00bb text_line_height=\u00a0\u00bb1.55em\u00a0\u00bb header_font=\u00a0\u00bb|600|||||||\u00a0\u00bb width=\u00a0\u00bb100%\u00a0\u00bb module_alignment=\u00a0\u00bbcenter\u00a0\u00bb custom_margin=\u00a0\u00bb||||false|false\u00a0\u00bb global_colors_info=\u00a0\u00bb{}\u00a0\u00bb]<\/p>\n<p><strong>Il y a trois solutions de paiement et remboursement:<\/strong><\/p>\n<ol>\n<li><strong>Si vous \u00eates \u00e0 disposition d\u2019une ordonnance m\u00e9dicale<\/strong>, depuis le 1er juillet 2022, la psychoth\u00e9rapie est alors du ressort de l\u2019AOS (l\u2019assurance de base LAMal). Notamment, la psychoth\u00e9rapie doit avoir \u00e9t\u00e9 prescrite par un m\u00e9decin habilit\u00e9 \u00e0 le faire et \u00eatre li\u00e9e \u00e0 une maladie. Appelez votre assurance pour v\u00e9rifier si elle a opt\u00e9 pour le tiers payant, tiers garant, tiers soldant ou cession de cr\u00e9ance, demandez aussi de pr\u00e9ciser votre franchise, afin d\u2019\u00e9viter les surprises, et si vous n\u2019avez pas d\u00e9j\u00e0 d\u00e9pass\u00e9 le nombre de s\u00e9ances sur prescriptions. L\u2019information sur vos conditions de remboursements est de votre responsabilit\u00e9.<\/li>\n<\/ol>\n<p>2-<strong> En l&rsquo;absence d&rsquo;ordonnance m\u00e9dicale,<\/strong>\u00a0<span style=\"font-size: 20px;\">ve\u0301rifiez si les se\u0301ances peuvent e\u0302tre prises en charge par votre caisse comple\u0301mentaire selon ses conditions d\u2019assurance <\/span><span style=\"font-size: 20px;\">: c&rsquo;est a\u0300 vous de vous renseigner aupre\u0300s de votre caisse pour savoir s\u2019ils vous rembourseront, et le cas e\u0301che\u0301ant combien par se\u0301ance et\/ou par anne\u0301e, notamment s\u2019ils remboursent <\/span><span style=\"font-size: 20px;\">encore <\/span><span style=\"font-size: 20px;\">la psychothe\u0301rapie suite aux changements du 1<\/span><span style=\"font-size: 20px;\">er <\/span><span style=\"font-size: 20px;\">juillet 2022. Cela de\u0301pend en effet de chaque caisse maladie, de votre contrat, des conditions de l\u2019assurance, etc.<\/span><\/p>\n<div class=\"page\" title=\"Page 1\">\n<div class=\"layoutArea\">\n<div class=\"column\">\n<p><span>Je facture via la Caisse des Me\u0301decins : c\u2019est donc elle qui vous enverra a\u0300 la fin du mois votre facture, que vous devrez payer personnellement, puis que vous pourrez envoyer a\u0300 votre assurance comple\u0301mentaire pour vous faire e\u0301ventuellement rembourser selon sa de\u0301cision, et donc notamment ses conditions et les dispositions le\u0301gales en vigueur.<\/span><\/p>\n<p><span>3- <strong>Autrement, les s\u00e9ances de psychoth\u00e9rapie peuvent \u00eatre pay\u00e9es\u00a0par vos soins.<\/strong><\/span><\/p>\n<div class=\"page\" title=\"Page 1\">\n<div class=\"layoutArea\">\n<div class=\"column\">\n<p><span><strong>Prix<\/strong> : l<\/span><span>e prix de la consultation est de 2,58 francs la minute quelle que soit l&rsquo;option et selon la loi cantonale. Le temps facture\u0301 comprend notamment aussi bien le temps de pre\u0301paration des se\u0301ances, la consultation en elle-me\u0302me, la lecture et re\u0301daction des emails, courriers, (sauf s\u2019ils sont d\u2019ordre purement administratif), rapports et bilans rec\u0327us respectivement envoye\u0301s, et les contacts avec des tiers (me\u0301decins, e\u0301cole, etc).<br \/>Parfois, il arrive qu\u2019une consultation dure plus d\u2019une heure. Pre\u0301voyez confortablement dans votre planning.<\/span><\/p>\n<p><span><\/span><\/p>\n<div class=\"page\" title=\"Page 1\">\n<div class=\"layoutArea\">\n<div class=\"column\">\n<p><span>Je dois admettre que les lois sont de plus en plus compliqu\u00e9es, l&rsquo;administratif submerge tout le monde. <\/span><span>Je reste naturellement a\u0300 votre disposition pour tout comple\u0301ment d&rsquo;information. N\u2019he\u0301sitez pas a\u0300 me poser vos questions.<\/span><span style=\"font-size: 20px;\">\u00a0<\/span><\/p>\n<\/div>\n<\/div>\n<\/div>\n<\/div>\n<\/div>\n<\/div>\n<p><span><\/span><\/p>\n<\/div>\n<\/div>\n<\/div>\n<p>[\/et_pb_text][\/et_pb_column][\/et_pb_row][et_pb_row column_structure=\u00a0\u00bb1_2,1_2&Prime; _builder_version=\u00a0\u00bb4.16&Prime; _module_preset=\u00a0\u00bbdefault\u00a0\u00bb global_colors_info=\u00a0\u00bb{}\u00a0\u00bb][et_pb_column type=\u00a0\u00bb1_2&Prime; _builder_version=\u00a0\u00bb4.16&Prime; _module_preset=\u00a0\u00bbdefault\u00a0\u00bb global_colors_info=\u00a0\u00bb{}\u00a0\u00bb][et_pb_text _builder_version=\u00a0\u00bb4.16&Prime; _module_preset=\u00a0\u00bbdefault\u00a0\u00bb text_font=\u00a0\u00bb|300|||||||\u00a0\u00bb text_font_size=\u00a0\u00bb18px\u00a0\u00bb global_colors_info=\u00a0\u00bb{}\u00a0\u00bb]<\/p>\n<h1 class=\"titre-contenu\"><span class=\"bold\">Contact &amp; Acc\u00e8s<\/span><\/h1>\n<p class=\"titre-contenu\"><span style=\"font-size: 18px;\"><\/span><\/p>\n<p class=\"titre-contenu\"><span style=\"font-size: 18px;\">Vu l&rsquo;ampleur des demandes de psychoth\u00e9rapie et la complexit\u00e9 de l&rsquo;administratif impos\u00e9 par les lois,<\/span><strong style=\"font-size: 18px;\"> le top, ces temps derniers, sera de m&rsquo;\u00e9crire un mail <\/strong><span style=\"font-size: 18px;\">\u00e0 <\/span><strong><a href=\"mailto:solene.laurenceau@protonmail.com\" style=\"font-size: 18px;\">solene.laurenceau@protonmail.com<\/a><\/strong><span style=\"font-size: 18px;\"> avec\u00a0votre nom, pr\u00e9nom, date de naissance, t\u00e9l\u00e9phone, adresse compl\u00e8te, photo de votre carte d&rsquo;assur\u00e9 si vous habitez en Suisse, votre motivation et vos besoins. J&rsquo;y r\u00e9pondrai le plus rapidement possible.<\/span><b style=\"font-size: 18px;\"><\/b><\/p>\n<p class=\"titre-contenu\"><b style=\"font-size: 18px;\">Au 027.345.50.93<\/b><span style=\"font-size: 18px;\">, laissez-moi un message sur mon r\u00e9pondeur (n&rsquo;ayant pas de secr\u00e9taire, mon t\u00e9l\u00e9phone ne sonne pas, il va directement sur la messagerie, donc sentez-vous \u00e0 l&rsquo;aise). Laissez-moi votre nom et t\u00e9l\u00e9phone, ainsi que vos heures de pr\u00e9dilection o\u00f9 je pourrais vous appeler.<\/span><\/p>\n<div class=\"gmail_default\">\n<p class=\"gmail_default\">Merci de votre compr\u00e9hension.<\/p>\n<\/div>\n<div>\n<div class=\"m_3671082878753184156gmail_signature\" dir=\"ltr\">\n<div dir=\"ltr\">\n<div dir=\"ltr\">\n<div dir=\"ltr\">\n<div dir=\"ltr\">\n<div dir=\"ltr\">\n<div dir=\"ltr\">\n<div dir=\"ltr\">\n<div dir=\"ltr\">\n<div dir=\"ltr\">\n<div dir=\"ltr\">\n<div dir=\"ltr\">\n<div dir=\"ltr\">\n<div dir=\"ltr\">\n<div dir=\"ltr\">\n<p class=\"gmail_default\">Bienvenus \u00e0 tous!<\/p>\n<\/div>\n<\/div>\n<\/div>\n<\/div>\n<\/div>\n<\/div>\n<\/div>\n<\/div>\n<\/div>\n<\/div>\n<\/div>\n<\/div>\n<\/div>\n<\/div>\n<\/div>\n<\/div>\n<p>[\/et_pb_text][\/et_pb_column][et_pb_column type=\u00a0\u00bb1_2&Prime; _builder_version=\u00a0\u00bb4.16&Prime; _module_preset=\u00a0\u00bbdefault\u00a0\u00bb global_colors_info=\u00a0\u00bb{}\u00a0\u00bb][et_pb_image src=\u00a0\u00bbhttps:\/\/haut-potentiel-psy.ch\/wp-content\/uploads\/2025\/09\/20250923_135529-2-scaled.jpg\u00a0\u00bb title_text=\u00a0\u00bb20250923_135529&Prime; _builder_version=\u00a0\u00bb4.25.1&Prime; _module_preset=\u00a0\u00bbdefault\u00a0\u00bb global_colors_info=\u00a0\u00bb{}\u00a0\u00bb][\/et_pb_image][\/et_pb_column][\/et_pb_row][et_pb_row column_structure=\u00a0\u00bb1_2,1_2&Prime; _builder_version=\u00a0\u00bb4.16&Prime; _module_preset=\u00a0\u00bbdefault\u00a0\u00bb global_colors_info=\u00a0\u00bb{}\u00a0\u00bb][et_pb_column type=\u00a0\u00bb1_2&Prime; _builder_version=\u00a0\u00bb4.16&Prime; _module_preset=\u00a0\u00bbdefault\u00a0\u00bb global_colors_info=\u00a0\u00bb{}\u00a0\u00bb][et_pb_text _builder_version=\u00a0\u00bb4.16&Prime; _module_preset=\u00a0\u00bb3028350f-b62f-4a7f-a58b-b2ebef73428e\u00a0\u00bb custom_margin=\u00a0\u00bb1vh||||false|false\u00a0\u00bb global_colors_info=\u00a0\u00bb{}\u00a0\u00bb]<\/p>\n<div class=\"wpb_text_column wpb_content_element \">\n<div class=\"wpb_wrapper\">\n<h2>Cabinet en\u00a0Valais<\/h2>\n<p>Mon cabinet \u00e0 Gen\u00e8ve et \u00e0 Fribourg sont ferm\u00e9s.<\/p>\n<p>En Valais, je suis d\u00e9sormais vers la rue Centrale (ma porte de cabinet est <strong>face \u00e0 la rue Centrale 31), 1964 Plan Conthey.<\/strong><\/p>\n<p><strong>Suivez l\u2019explication que j\u2019ai \u00e9crite sur le paragraphe de droite<\/strong>, afin d\u2019arriver serein(e), tranquillement.<\/p>\n<p>Certaines personnes sont paniqu\u00e9es de ne pas trouver: prenez le temps, pr\u00e9voyez pour le premier rendez-vous, afin de b\u00e9n\u00e9ficier des lieux harmonieux et sympathiques. Trop courir ne sert \u00e0 rien, mieux vaut arriver entier;-)<\/p>\n<p>Le parking est \u00e0 moins de 100 m\u00e8tres du cabinet, sur le parking communal. L\u2019occasion de faire quelques pas pour notre bonne sant\u00e9;-)<\/p>\n<p><span><strong>Il est impossible de se garer DEVANT le cabinet, ce sont des propri\u00e9t\u00e9s<\/strong>\u00a0<strong>priv\u00e9es.<\/strong><\/span>\u00a0Merci de votre respect. M\u00eame si vous \u00eates en retard! Faites les quelques pas qui s\u00e9parent le cabinet du parking.<\/p>\n<p>Pour les personnes \u00e0 mobilit\u00e9 r\u00e9duite, le cabinet est de plein pied (une marche \u00e0 descendre).<\/p>\n<p><strong><span>Pour ceux qui arriveraient par le train<\/span><\/strong>, prenez note que la gare de Conthey est \u00e0 20 minutes de marche, en revanche il y a un bus de la gare de Sion qui arrive jusqu\u2019\u00e0 Plan Conthey Village, Rue Centrale, non loin du cabinet (quelques minutes), vers la banque Raiffeisen et un autre vers la Migros \u00e0 la bifurcation (5 \u00e0 10 minutes \u00e0 pied).<\/p>\n<p><strong>Au plaisir de vous recevoir.<\/strong><\/p>\n<p><strong><\/strong><\/p>\n<\/div>\n<\/div>\n<p>[\/et_pb_text][\/et_pb_column][et_pb_column type=\u00a0\u00bb1_2&Prime; _builder_version=\u00a0\u00bb4.16&Prime; _module_preset=\u00a0\u00bbdefault\u00a0\u00bb global_colors_info=\u00a0\u00bb{}\u00a0\u00bb][et_pb_text _builder_version=\u00a0\u00bb4.16&Prime; _module_preset=\u00a0\u00bb3028350f-b62f-4a7f-a58b-b2ebef73428e\u00a0\u00bb header_2_font_size=\u00a0\u00bb29px\u00a0\u00bb header_2_line_height=\u00a0\u00bb1.2em\u00a0\u00bb min_height=\u00a0\u00bb969.4px\u00a0\u00bb custom_margin=\u00a0\u00bb1vh||||false|false\u00a0\u00bb global_colors_info=\u00a0\u00bb{}\u00a0\u00bb]<\/p>\n<div class=\"wpb_text_column wpb_content_element \">\n<div class=\"wpb_wrapper\">\n<h2 class=\"titre-contenu\">Comment diantre arriver jusqu\u2019au cabinet?<\/h2>\n<h3><strong><\/strong><\/h3>\n<h3><strong>En voiture<\/strong><\/h3>\n<p>En sortant de l\u2019autoroute, suivez Conthey. Suivez toujours Conthey, etc.<\/p>\n<p>Passez devant l\u2019immense Migros de la zone industrielle.<\/p>\n<p>Au rond-point juste apr\u00e8s cette Migros, suivez la pancarte<span>\u00a0<\/span><span><strong>Plan-Conthey<\/strong><\/span>, troisi\u00e8me sortie.\u00a0<\/p>\n<p>Puis toujours tout droit. Zone \u00e0 30km\/heure, attention.<\/p>\n<p>Vous arriverez \u00e0 la rue Centrale, cherchez le<span>\u00a0<\/span><strong>parking communal sur votre gauche, apr\u00e8s la<span>\u00a0Raiffeisen<\/span><\/strong>.\u00a0Garez-vous.\u00a0Mettez votre disque sur les zones bleues ou blanches du parking communal.\u00a0Sortez du parking, non pas du c\u00f4t\u00e9 de l\u2019\u00e9glise, mais\u00a0du c\u00f4t\u00e9 de la banque Raiffeisen, rue Centrale.<strong> Ne suivez\u00a0pas Google map, il vous fait passer l\u00e0 o\u00f9 vous n&rsquo;avez\u00a0pas le droit;-)<\/strong><\/p>\n<h3><span><strong>A pied<\/strong><\/span><\/h3>\n<p>En partant de la Banque Raiffeisen (banque dans votre dos), allez sur la droite<span>.<\/span><strong><span>\u00a0Sur le m\u00eame trottoir que la banque, faites environ 90 pas,\u00a0<\/span><\/strong><span>en direction de Martigny, Lausanne, Gen\u00e8ve, pas en direction de Sion.\u00a0<\/span><\/p>\n<p>Vous verrez<span>\u00a0<\/span><em>sur le trottoir d\u2019en face<\/em><span>\u00a0<\/span>des poubelles et<span>\u00a0<\/span><em>sur votre propre trottoir\u00a0<\/em>une fontaine:\u00a0c\u2019est bon signe!<span>\u00a0<\/span><\/p>\n<p><strong>Tournez \u00e0 droite\u00a0<\/strong><em>dans<\/em><strong> le\u00a0petit chemin en gravillons\u00a0<\/strong><em>entre<\/em><strong> les maisons,\u00a0<\/strong><em>face<\/em><strong> aux poubelles et <\/strong><em>avant<\/em><strong> la fontaine. Avancez dans cette impasse environ 30 pas.<\/strong><\/p>\n<p>Soyez charmants, vous traversez la propri\u00e9t\u00e9 priv\u00e9e de mes voisins. Au fond de l\u2019impasse et <em>avant<\/em> le garage, vous serez arriv\u00e9s: ma porte sera sur votre droite, comme sur la photo ci-dessus. Bienvenus!<\/p>\n<\/div>\n<\/div>\n<p>[\/et_pb_text][\/et_pb_column][\/et_pb_row][\/et_pb_section][et_pb_section fb_built=\u00a0\u00bb1&Prime; next_background_color=\u00a0\u00bb#574238&Prime; admin_label=\u00a0\u00bbFeatures\u00a0\u00bb _builder_version=\u00a0\u00bb4.16&Prime; background_color=\u00a0\u00bbrgba(0,0,0,0)\u00a0\u00bb custom_padding=\u00a0\u00bb||56px||false|false\u00a0\u00bb top_divider_color=\u00a0\u00bb#ffffff\u00a0\u00bb top_divider_flip=\u00a0\u00bbhorizontal|vertical\u00a0\u00bb bottom_divider_style=\u00a0\u00bbwave\u00a0\u00bb bottom_divider_height=\u00a0\u00bb27px\u00a0\u00bb global_colors_info=\u00a0\u00bb{}\u00a0\u00bb][et_pb_row use_custom_gutter=\u00a0\u00bbon\u00a0\u00bb gutter_width=\u00a0\u00bb4&Prime; _builder_version=\u00a0\u00bb4.16&Prime; global_colors_info=\u00a0\u00bb{}\u00a0\u00bb][et_pb_column type=\u00a0\u00bb4_4&Prime; _builder_version=\u00a0\u00bb4.16&Prime; custom_padding=\u00a0\u00bb|||\u00a0\u00bb global_colors_info=\u00a0\u00bb{}\u00a0\u00bb custom_padding__hover=\u00a0\u00bb|||\u00a0\u00bb][et_pb_image src=\u00a0\u00bbhttps:\/\/haut-potentiel-psy.ch\/wp-content\/uploads\/2020\/08\/IMG-20160122-WA0000-1-1024&#215;768-1.jpg\u00a0\u00bb title_text=\u00a0\u00bbIMG-20160122-WA0000-1-1024&#215;768&Prime; _builder_version=\u00a0\u00bb4.16&Prime; _module_preset=\u00a0\u00bbdefault\u00a0\u00bb global_colors_info=\u00a0\u00bb{}\u00a0\u00bb][\/et_pb_image][\/et_pb_column][\/et_pb_row][et_pb_row use_custom_gutter=\u00a0\u00bbon\u00a0\u00bb gutter_width=\u00a0\u00bb4&Prime; _builder_version=\u00a0\u00bb4.16&Prime; global_colors_info=\u00a0\u00bb{}\u00a0\u00bb][et_pb_column type=\u00a0\u00bb4_4&Prime; _builder_version=\u00a0\u00bb4.16&Prime; custom_padding=\u00a0\u00bb|||\u00a0\u00bb global_colors_info=\u00a0\u00bb{}\u00a0\u00bb custom_padding__hover=\u00a0\u00bb|||\u00a0\u00bb][et_pb_text _builder_version=\u00a0\u00bb4.16&Prime; _module_preset=\u00a0\u00bbd5f32006-097e-42c7-afd8-1bbb8bfe6a7e\u00a0\u00bb custom_padding=\u00a0\u00bb15px||0px||false|false\u00a0\u00bb inline_fonts=\u00a0\u00bbTimes New Roman\u00a0\u00bb global_colors_info=\u00a0\u00bb{}\u00a0\u00bb]<\/p>\n<h1>Qui suis-je ?<\/h1>\n<p class=\"p-contenu p-space\">Form\u00e9e \u00e0 L\u2019universit\u00e9 de Gen\u00e8ve, puis munie d\u2019un dipl\u00f4me postgrade f\u00e9d\u00e9ral, je me suis sp\u00e9cialis\u00e9e en psychoth\u00e9rapie, avec l\u2019accr\u00e9ditation de l\u2019Association Suisse des Psychoth\u00e9rapeutes. Je suis membre de la F\u00e9d\u00e9ration Suisse des Psychologues. Sp\u00e9cialis\u00e9e depuis 25 ans dans les stress post-traumatiques et aupr\u00e8s des hauts potentiels.<\/p>\n<p class=\"p-contenu p-space\">Par ailleurs, j&rsquo;ai tent\u00e9 de partager mon travail: conf\u00e9rences dans les \u00e9coles et dans les HEP, \u00e9criture de fiches, d\u2019articles, radio, t\u00e9l\u00e9. Dans le cadre \u00e9ditorial, 10 livres furent \u00e9dit\u00e9s, cf. <a class=\"vert\" href=\"http:\/\/psy-fribourg.ch\/livres\/\" target=\"_blank\" rel=\"noopener noreferrer\">page des livres du site.<\/a><\/p>\n<p class=\"p-contenu p-space\">Si, par hasard, vous avez quelques minutes de libres, allez en haut \u00e0 droite de ce site dans l&rsquo;onglet \u00ab\u00a0Partage\u00a0\u00bb: tout au bout, vous pouvez voir quelques photos si vous d\u00e9sirez vivre une exp\u00e9rience qui bouge un peu vos neurones. Normalement&#8230; cela fonctionne. Il para\u00eet que c&rsquo;est neuro anatomique;-) Vous me direz si cela a pu vous apporter un petit quelque chose&#8230; Sinon sur Instagram @solene.laurenceau<\/p>\n<p class=\"p-contenu p-space\">\n<h1>A quoi sert la th\u00e9rapie?<\/h1>\n<p class=\"p2\" style=\"text-align: left;\">Le travail th\u00e9rapeutique peut vous accompagner pour <span class=\"s1\">vous situer dans une \u00e9chelle de bonheur<\/span>. Il tend \u00e0 <strong>redonner une <span class=\"s1\">coh\u00e9rence<\/span>, un <span class=\"s1\">axe<\/span>, un <span class=\"s1\">sens, il d\u00e9place le curseur<\/span><\/strong>. Il vous <strong>raccroche \u00e0 <i>votre<\/i> propre \u00e9volution, vous relance dans un mouvement de vie, vous permet de rejoindre votre remonte-pente <span class=\"s2\">int\u00e9rieur. <\/span><\/strong>Il lance une <strong>action de mise en coh\u00e9rence et de mise en harmonie<\/strong>, dans le corps, les \u00e9motions, <span class=\"s1\">les pens\u00e9es, les relations, l\u2019espace et le temps<\/span>. Le travail th\u00e9rapeutique est dynamique, il doit vous redonner un \u00e9lan int\u00e9rieur, dans le bon sens. Si vous en avez envie.<strong><\/strong><\/p>\n<p class=\"p1\" style=\"text-align: left;\">La psychoth\u00e9rapie n&rsquo;est pas une solution instantan\u00e9e, c&rsquo;est une rencontre avec vous-m\u00eame, un travail en profondeur qui n\u00e9cessite du temps, un investissement personnel, une r\u00e9gularit\u00e9, pour explorer les aspects inconscients et d\u00e9passer les blocages.<\/p>\n<p class=\"p1\" style=\"text-align: left;\"><strong>Prenez le temps.<\/strong><\/p>\n<p class=\"p1\" style=\"text-align: left;\"><strong>Organisez-vous.<\/strong><\/p>\n<p class=\"p1\" style=\"text-align: left;\"><strong>Mettez-vous en priorit\u00e9 pendant ces moments.<\/strong><\/p>\n<p class=\"p1\" style=\"text-align: left;\">Je vais prendre le temps de vous comprendre, tenter de vous offrir la possibilit\u00e9 de comprendre des cl\u00e9s potentielles, des leviers que vous pourrez&#8230; ou non&#8230; activer, selon votre libre arbitre. Cependant, leur appropriation et leur mise en application vous appartiennent pleinement. Mon r\u00f4le est de vous offrir un espace de verbalisation et de vous donner des outils. Leur activation et leur mise en \u0153uvre d\u00e9pendront de votre engagement et de votre volont\u00e9. <strong>La psychoth\u00e9rapie est un moyen exceptionnel qui offre une r\u00e9elle opportunit\u00e9 de transformation et de mieux-\u00eatre pour celles et ceux qui sont pr\u00eats \u00e0 s&rsquo;investir activement dans leur propre \u00e9volution. Si vous faites partie de cette cat\u00e9gorie tr\u00e8s valeureuse, bienvenue dans mon cabinet !<\/strong><\/p>\n<p class=\"p2\" style=\"text-align: left;\">\n<p>[\/et_pb_text][\/et_pb_column][\/et_pb_row][et_pb_row use_custom_gutter=\u00a0\u00bbon\u00a0\u00bb gutter_width=\u00a0\u00bb4&Prime; _builder_version=\u00a0\u00bb4.16&Prime; global_colors_info=\u00a0\u00bb{}\u00a0\u00bb][et_pb_column type=\u00a0\u00bb4_4&Prime; _builder_version=\u00a0\u00bb4.16&Prime; custom_padding=\u00a0\u00bb|||\u00a0\u00bb global_colors_info=\u00a0\u00bb{}\u00a0\u00bb custom_padding__hover=\u00a0\u00bb|||\u00a0\u00bb][et_pb_text _builder_version=\u00a0\u00bb4.16&Prime; _module_preset=\u00a0\u00bbd5f32006-097e-42c7-afd8-1bbb8bfe6a7e\u00a0\u00bb header_font_size=\u00a0\u00bb30px\u00a0\u00bb global_colors_info=\u00a0\u00bb{}\u00a0\u00bb]<\/p>\n<h1 style=\"text-align: center;\"><span>Un pas derri\u00e8re l\u2019autre, doucement, chaque jour un peu plus conscients\u2026<\/span><\/h1>\n<p>[\/et_pb_text][\/et_pb_column][\/et_pb_row][et_pb_row column_structure=\u00a0\u00bb1_2,1_2&Prime; use_custom_gutter=\u00a0\u00bbon\u00a0\u00bb gutter_width=\u00a0\u00bb4&Prime; _builder_version=\u00a0\u00bb4.16&Prime; global_colors_info=\u00a0\u00bb{}\u00a0\u00bb][et_pb_column type=\u00a0\u00bb1_2&Prime; _builder_version=\u00a0\u00bb4.16&Prime; custom_padding=\u00a0\u00bb|||\u00a0\u00bb global_colors_info=\u00a0\u00bb{}\u00a0\u00bb custom_padding__hover=\u00a0\u00bb|||\u00a0\u00bb][et_pb_image src=\u00a0\u00bbhttps:\/\/haut-potentiel-psy.ch\/wp-content\/uploads\/2020\/08\/15443152_339771356409455_1689208729755820963_o.jpg\u00a0\u00bb title_text=\u00a0\u00bb15443152_339771356409455_1689208729755820963_o\u00a0\u00bb _builder_version=\u00a0\u00bb4.16&Prime; _module_preset=\u00a0\u00bbdefault\u00a0\u00bb global_colors_info=\u00a0\u00bb{}\u00a0\u00bb][\/et_pb_image][\/et_pb_column][et_pb_column type=\u00a0\u00bb1_2&Prime; _builder_version=\u00a0\u00bb4.16&Prime; custom_padding=\u00a0\u00bb|||\u00a0\u00bb global_colors_info=\u00a0\u00bb{}\u00a0\u00bb custom_padding__hover=\u00a0\u00bb|||\u00a0\u00bb][et_pb_image src=\u00a0\u00bbhttps:\/\/haut-potentiel-psy.ch\/wp-content\/uploads\/2020\/08\/2017-02-18-PHOTO-00000005.jpg\u00a0\u00bb title_text=\u00a0\u00bb2017-02-18-PHOTO-00000005&Prime; _builder_version=\u00a0\u00bb4.16&Prime; _module_preset=\u00a0\u00bbdefault\u00a0\u00bb custom_margin=\u00a0\u00bb|||-74px||\u00a0\u00bb global_colors_info=\u00a0\u00bb{}\u00a0\u00bb][\/et_pb_image][\/et_pb_column][\/et_pb_row][\/et_pb_section][et_pb_section fb_built=\u00a0\u00bb1&Prime; _builder_version=\u00a0\u00bb4.5.6&Prime; _module_preset=\u00a0\u00bbdefault\u00a0\u00bb background_color=\u00a0\u00bb#574238&Prime; min_height=\u00a0\u00bb143.8px\u00a0\u00bb global_module=\u00a0\u00bb308&Prime; global_colors_info=\u00a0\u00bb{}\u00a0\u00bb][et_pb_row _builder_version=\u00a0\u00bb4.16&Prime; _module_preset=\u00a0\u00bbdefault\u00a0\u00bb global_colors_info=\u00a0\u00bb{}\u00a0\u00bb][et_pb_column type=\u00a0\u00bb4_4&Prime; _builder_version=\u00a0\u00bb4.16&Prime; _module_preset=\u00a0\u00bbdefault\u00a0\u00bb global_colors_info=\u00a0\u00bb{}\u00a0\u00bb][et_pb_text _builder_version=\u00a0\u00bb4.16&Prime; _module_preset=\u00a0\u00bbdefault\u00a0\u00bb text_text_color=\u00a0\u00bb#ffffff\u00a0\u00bb link_text_color=\u00a0\u00bb#ffffff\u00a0\u00bb text_orientation=\u00a0\u00bbcenter\u00a0\u00bb global_colors_info=\u00a0\u00bb{}\u00a0\u00bb]<\/p>\n<p><span>\u00a9 Copyright &#8211; Sol\u00e8ne Laurenceau \u2014 <a href=\"https:\/\/haut-potentiel-psy.ch\/index.php\/declaration-de-protection-des-donnees\/\" target=\"_blank\" rel=\"noopener\">Politique de confidentialit\u00e9<\/a> \u2014 <\/span><a href=\"http:\/\/www.3traits.ch\/\">cr\u00e9\u00e9 par 3traits<\/a><\/p>\n<p>[\/et_pb_text][\/et_pb_column][\/et_pb_row][\/et_pb_section]<\/p>\n","protected":false},"excerpt":{"rendered":"<p>A tous ceux qui ont besoin de parler, aux familles, aux proches, \u00e0 tous les professionnels touch\u00e9s qui ont travaill\u00e9 autour de cet \u00e9v\u00e9nement de Crans Montana, envoyez-moi un mail \u00e0 solene.laurenceau@protonmail.com et je vous appellerai d\u00e8s que possible.\u00a0Travailler sur soi est une chance&#8230; Un besoin, une urgence, une suite&#8230;\u00a0 Nous allons ensemble tenter d&rsquo;y [&hellip;]<\/p>\n","protected":false},"author":1,"featured_media":0,"parent":0,"menu_order":0,"comment_status":"closed","ping_status":"closed","template":"","meta":{"_et_pb_use_builder":"on","_et_pb_old_content":"","_et_gb_content_width":"","footnotes":""},"_links":{"self":[{"href":"https:\/\/haut-potentiel-psy.ch\/index.php\/wp-json\/wp\/v2\/pages\/7"}],"collection":[{"href":"https:\/\/haut-potentiel-psy.ch\/index.php\/wp-json\/wp\/v2\/pages"}],"about":[{"href":"https:\/\/haut-potentiel-psy.ch\/index.php\/wp-json\/wp\/v2\/types\/page"}],"author":[{"embeddable":true,"href":"https:\/\/haut-potentiel-psy.ch\/index.php\/wp-json\/wp\/v2\/users\/1"}],"replies":[{"embeddable":true,"href":"https:\/\/haut-potentiel-psy.ch\/index.php\/wp-json\/wp\/v2\/comments?post=7"}],"version-history":[{"count":73,"href":"https:\/\/haut-potentiel-psy.ch\/index.php\/wp-json\/wp\/v2\/pages\/7\/revisions"}],"predecessor-version":[{"id":518,"href":"https:\/\/haut-potentiel-psy.ch\/index.php\/wp-json\/wp\/v2\/pages\/7\/revisions\/518"}],"wp:attachment":[{"href":"https:\/\/haut-potentiel-psy.ch\/index.php\/wp-json\/wp\/v2\/media?parent=7"}],"curies":[{"name":"wp","href":"https:\/\/api.w.org\/{rel}","templated":true}]}}